{"id":100,"date":"2018-06-01T18:40:48","date_gmt":"2018-06-01T18:40:48","guid":{"rendered":"http:\/\/gri.ese.ipp.pt\/?page_id=100"},"modified":"2018-07-18T09:23:51","modified_gmt":"2018-07-18T09:23:51","slug":"swiss-mobility-european-programme","status":"publish","type":"page","link":"https:\/\/gri.ese.ipp.pt\/?page_id=100","title":{"rendered":"Swiss Mobility European Programme"},"content":{"rendered":"<h4><img loading=\"lazy\" decoding=\"async\" class=\"alignnone size-medium wp-image-513\" src=\"https:\/\/gri.ese.ipp.pt\/wp-content\/uploads\/2018\/07\/movetia-300x61.jpg\" alt=\"\" width=\"300\" height=\"61\" srcset=\"https:\/\/gri.ese.ipp.pt\/wp-content\/uploads\/2018\/07\/movetia-300x61.jpg 300w, https:\/\/gri.ese.ipp.pt\/wp-content\/uploads\/2018\/07\/movetia.jpg 423w\" sizes=\"auto, (max-width: 300px) 100vw, 300px\" \/><\/h4>\n<h4><strong>Natureza do programa<\/strong><\/h4>\n<p>O interc\u00e2mbio de estudantes entre as institui\u00e7\u00f5es de ensino superior su\u00ed\u00e7as e institui\u00e7\u00f5es parceiras d\u00e1-se no \u00e2mbito do &#8220;Programa Su\u00ed\u00e7o-Europeu de Mobilidade&#8221;. As bolsas de estudo para estudantes ser\u00e3o cobertas no \u00e2mbito deste programa (Scholarships). O Programa de Est\u00e1gios (Traineeships)\u00a0tamb\u00e9m est\u00e1\u00a0contemplado no \u00e2mbito deste programa. Para mais informa\u00e7\u00f5es dispon\u00edveis sobre este programa e as bolsas de estudos dispon\u00edveis \u00e9 favor \u00a0consultar: <a href=\"https:\/\/www.movetia.ch\/en\/programmes\/swiss-programme-for-erasmus\/higher-education\/mobility\/\">https:\/\/www.movetia.ch\/en\/programmes\/swiss-programme-for-erasmus\/higher-education\/mobility\/<\/a>.<\/p>\n<h4><strong>Parceiros <\/strong><\/h4>\n<p>Atualmente a ESE tem celebrados dois acordos de coopera\u00e7\u00e3o com institui\u00e7\u00f5es de ensino superior su\u00ed\u00e7as:<br \/>\n<a href=\"https:\/\/phzh.ch\/en\/\">Zurich University of Teacher Education<\/a><br \/>\n<a href=\"https:\/\/www.unisg.ch\/en\">University of St.Gallen<\/a><\/p>\n<h4><strong>Procedimentos de candidatura<\/strong><\/h4>\n<p>Todo o processo de mobilidade ser\u00e1 organizado de forma id\u00eantica \u00e0s candidaturas Erasmus+.<\/p>\n","protected":false},"excerpt":{"rendered":"<p>Natureza do programa O interc\u00e2mbio de estudantes entre as institui\u00e7\u00f5es de ensino superior su\u00ed\u00e7as e institui\u00e7\u00f5es parceiras d\u00e1-se no \u00e2mbito do &#8220;Programa Su\u00ed\u00e7o-Europeu de Mobilidade&#8221;. As bolsas de estudo para estudantes ser\u00e3o cobertas no \u00e2mbito deste programa (Scholarships). O Programa&hellip;<\/p>\n","protected":false},"author":2,"featured_media":0,"parent":0,"menu_order":0,"comment_status":"closed","ping_status":"closed","template":"","meta":{"footnotes":""},"class_list":["post-100","page","type-page","status-publish","hentry"],"_links":{"self":[{"href":"https:\/\/gri.ese.ipp.pt\/index.php?rest_route=\/wp\/v2\/pages\/100","targetHints":{"allow":["GET"]}}],"collection":[{"href":"https:\/\/gri.ese.ipp.pt\/index.php?rest_route=\/wp\/v2\/pages"}],"about":[{"href":"https:\/\/gri.ese.ipp.pt\/index.php?rest_route=\/wp\/v2\/types\/page"}],"author":[{"embeddable":true,"href":"https:\/\/gri.ese.ipp.pt\/index.php?rest_route=\/wp\/v2\/users\/2"}],"replies":[{"embeddable":true,"href":"https:\/\/gri.ese.ipp.pt\/index.php?rest_route=%2Fwp%2Fv2%2Fcomments&post=100"}],"version-history":[{"count":7,"href":"https:\/\/gri.ese.ipp.pt\/index.php?rest_route=\/wp\/v2\/pages\/100\/revisions"}],"predecessor-version":[{"id":570,"href":"https:\/\/gri.ese.ipp.pt\/index.php?rest_route=\/wp\/v2\/pages\/100\/revisions\/570"}],"wp:attachment":[{"href":"https:\/\/gri.ese.ipp.pt\/index.php?rest_route=%2Fwp%2Fv2%2Fmedia&parent=100"}],"curies":[{"name":"wp","href":"https:\/\/api.w.org\/{rel}","templated":true}]}}