{"id":170,"date":"2018-06-04T08:08:33","date_gmt":"2018-06-04T08:08:33","guid":{"rendered":"http:\/\/gri.ese.ipp.pt\/?page_id=170"},"modified":"2026-03-18T12:22:02","modified_gmt":"2026-03-18T12:22:02","slug":"estudantes","status":"publish","type":"page","link":"https:\/\/gri.ese.ipp.pt\/?page_id=170","title":{"rendered":"Estudantes"},"content":{"rendered":"\n<h4 class=\"wp-block-heading\">Natureza e objetivos<\/h4>\n\n\n\n<p>A ESE&nbsp;oferece oportunidades de mobilidade financiada e n\u00e3o financiada, para estudos e est\u00e1gios.<\/p>\n\n\n\n<p class=\"has-text-align-left\">A dura\u00e7\u00e3o deste&nbsp;tipo de mobilidades \u00e9 a seguinte:<\/p>\n\n\n\n<figure class=\"wp-block-gallery has-nested-images columns-3 is-cropped wp-block-gallery-1 is-layout-flex wp-block-gallery-is-layout-flex\">\n<figure class=\"wp-block-image size-large\"><img loading=\"lazy\" decoding=\"async\" width=\"1024\" height=\"683\" data-id=\"422\" src=\"https:\/\/gri.ese.ipp.pt\/wp-content\/uploads\/2018\/07\/apple-class-conference-7102-1024x683.jpg\" alt=\"\" class=\"wp-image-422\" srcset=\"https:\/\/gri.ese.ipp.pt\/wp-content\/uploads\/2018\/07\/apple-class-conference-7102-1024x683.jpg 1024w, https:\/\/gri.ese.ipp.pt\/wp-content\/uploads\/2018\/07\/apple-class-conference-7102-300x200.jpg 300w, https:\/\/gri.ese.ipp.pt\/wp-content\/uploads\/2018\/07\/apple-class-conference-7102-768x512.jpg 768w\" sizes=\"auto, (max-width: 1024px) 100vw, 1024px\" \/><figcaption class=\"wp-element-caption\">mobilidade de estudos &#8211; de 1 semestre ou 2 semestres<\/figcaption><\/figure>\n\n\n\n<figure class=\"wp-block-image size-large\"><img loading=\"lazy\" decoding=\"async\" width=\"1024\" height=\"683\" data-id=\"431\" src=\"https:\/\/gri.ese.ipp.pt\/wp-content\/uploads\/2018\/07\/adults-airport-architecture-518244-1-1024x683.jpg\" alt=\"\" class=\"wp-image-431\" srcset=\"https:\/\/gri.ese.ipp.pt\/wp-content\/uploads\/2018\/07\/adults-airport-architecture-518244-1-1024x683.jpg 1024w, https:\/\/gri.ese.ipp.pt\/wp-content\/uploads\/2018\/07\/adults-airport-architecture-518244-1-300x200.jpg 300w, https:\/\/gri.ese.ipp.pt\/wp-content\/uploads\/2018\/07\/adults-airport-architecture-518244-1-768x512.jpg 768w\" sizes=\"auto, (max-width: 1024px) 100vw, 1024px\" \/><figcaption class=\"wp-element-caption\">mobilidade de est\u00e1gio &#8211; de 2 a 12 meses<\/figcaption><\/figure>\n<\/figure>\n\n\n\n<p>A mobilidade&nbsp;de estudantes&nbsp;tem como objetivos:<\/p>\n\n\n\n<ul class=\"wp-block-list\">\n<li>proporcionar uma experi\u00eancia acad\u00e9mica diversificada;<\/li>\n\n\n\n<li>refor\u00e7ar os la\u00e7os entre institui\u00e7\u00f5es de pa\u00edses diferentes;<\/li>\n\n\n\n<li>promover o interc\u00e2mbio de conhecimentos;<\/li>\n\n\n\n<li>incentivar&nbsp;a descoberta de outras realidades culturais e aprendizagem de outras l\u00ednguas;<\/li>\n\n\n\n<li>promover a criatividade, competitividade e empregabilidade.<\/li>\n<\/ul>\n\n\n\n<h4 class=\"wp-block-heading\">Processos de instru\u00e7\u00e3o da candidatura<\/h4>\n\n\n\n<p>O Coordenador do GRI fixa, por despacho, o edital de candidatura ao programa de mobilidade Erasmus+, que cont\u00e9m todas as informa\u00e7\u00f5es necess\u00e1rias \u00e0s diferentes fases do processo:<\/p>\n\n\n\n<p><a href=\"https:\/\/gri.ese.ipp.pt\/wp-content\/uploads\/2026\/01\/Edital_GRI_Mobilidade-estudos_estagios-2026-27_homologado.pdf\">Edital 2026 &#8211; 2027 &#8211; Mobilidade de estudos e de est\u00e1gio<\/a><\/p>\n\n\n\n<p>Para apresentar uma candidatura, consulte a nossa lista de parceiros Erasmus+ e preencha o formul\u00e1rio. Tenha aten\u00e7\u00e3o ao c\u00f3digo ISCED, que deve corresponder \u00e0 \u00e1rea de estudos, e ao n\u00edvel de estudos (Licenciatura ou Mestrado):<\/p>\n\n\n\n<iframe loading=\"lazy\" src=\"https:\/\/www.google.com\/maps\/d\/embed?mid=12Z6wzfj3V4lsuxQLl4QyAeedeP7Q-gk&#038;ehbc=2E312F\" width=\"640\" height=\"480\"><\/iframe>\n\n\n\n<h4 class=\"wp-block-heading\">Lista de c\u00f3digos ISCEd para as \u00e1reas de estudo Erasmus+<\/h4>\n\n\n\n<p><a href=\"https:\/\/gri.ese.ipp.pt\/wp-content\/uploads\/2023\/02\/International-Standard-Classification-of-Education-Lista-de-codigos.pdf\" target=\"_blank\" rel=\"noopener noreferrer\">International Standard Classification of Education &#8211; Lista de C\u00f3digos<\/a><\/p>\n\n\n\n<hr class=\"wp-block-separator has-alpha-channel-opacity\"\/>\n\n\n\n<h4 class=\"wp-block-heading\">Formul\u00e1rios de candidatura &#8211; Mobilidade de estudos e est\u00e1gios<\/h4>\n\n\n\n<p><a href=\"https:\/\/forms.office.com\/Pages\/ResponsePage.aspx?id=luUd1aBFpUqg2EfRyViqMjSw46A358xLtIkKXQxvIAlURTVGOTRCT0haM0RMQzI2QllBR1VJNVVIMS4u\">Formul\u00e1rio de candidatura &#8211; 2026-2027 &#8211; Mobilidade de estudos<\/a><\/p>\n\n\n\n<p><a href=\"https:\/\/forms.office.com\/e\/9C1q7nvG7U\">Formul\u00e1rio de candidatura &#8211; 2026-2027 &#8211; Mobilidade de est\u00e1gios<\/a><\/p>\n\n\n\n<p>A sele\u00e7\u00e3o e seria\u00e7\u00e3o&nbsp;dos candidatos tem por base os seguintes crit\u00e9rios:<\/p>\n\n\n\n<ul class=\"wp-block-list\">\n<li>dom\u00ednio da l\u00edngua do pa\u00eds-alvo ou de l\u00edngua inglesa*;<\/li>\n\n\n\n<li>n\u00famero de ECTS obtidos no momento da pr\u00e9-candidatura;<\/li>\n\n\n\n<li>o interesse estrat\u00e9gico da proposta de mobilidade para ambas as institui\u00e7\u00f5es de ensino,<\/li>\n\n\n\n<li>m\u00e9dia aritm\u00e9tica das unidades curriculares com aprova\u00e7\u00e3o no momento da pr\u00e9-candidatura.<\/li>\n<\/ul>\n\n\n\n<p>*Uma vez que as normas do programa Erasmus+ implicam a certifica\u00e7\u00e3o do n\u00edvel de conhecimento lingu\u00edstico do candidato \u00e0 mobilidade, ser\u00e1 necess\u00e1rio <strong><u>entregar um certificado de compet\u00eancia em l\u00edngua inglesa, francesa ou espanhola (n\u00edvel B1 ou B2)<\/u><\/strong>, conforme a institui\u00e7\u00e3o de destino escolhida. Caso n\u00e3o tenha certifica\u00e7\u00e3o de compet\u00eancia na l\u00edngua do pa\u00eds da mobilidade, o estudante poder\u00e1 requerer a realiza\u00e7\u00e3o de provas, indicando esta inten\u00e7\u00e3o no formul\u00e1rio.<\/p>\n\n\n\n<p>Os crit\u00e9rios definitivos e percentagens atribu\u00eddas a cada um deles ser\u00e3o fixados em edital.<\/p>\n\n\n\n<h4 class=\"wp-block-heading\">&nbsp;Publica\u00e7\u00e3o de resultados<\/h4>\n\n\n\n<p>Findo o prazo de candidaturas, ser\u00e1 publicitada aqui a lista de candidatos seriados e selecionados.<\/p>\n\n\n\n<p>Ano acad\u00e9mico 2024\/2025<\/p>\n\n\n\n<ul class=\"wp-block-list\">\n<li><a href=\"https:\/\/ipppt-my.sharepoint.com\/:b:\/g\/personal\/gri_ese_ipp_pt\/EfFpjxZ7KxNAvbma0K3w1sYBOcFGQV2jrgf6lFQq1J3cJA?e=kpG6JQ\">Resultados provis\u00f3rios do concurso para a realiza\u00e7\u00e3o de Mobilidade de Estudos (SMS) no \u00e2mbito do Programa Erasmus+, no ano acad\u00e9mico 2024-2025<\/a><\/li>\n\n\n\n<li><a href=\"https:\/\/ipppt-my.sharepoint.com\/:b:\/g\/personal\/gri_ese_ipp_pt\/Ea2ECrjr4v1Kkcltf4YyaOABzFUtUMqxK2pW_v__im3-aw?e=62VgWM\">Resultados provis\u00f3rios do concurso para a realiza\u00e7\u00e3o de Mobilidade de Est\u00e1gios (SMT) no \u00e2mbito do Programa Erasmus+, no ano acad\u00e9mico 2024-2025<\/a><\/li>\n\n\n\n<li><a href=\"https:\/\/ipppt-my.sharepoint.com\/:b:\/g\/personal\/gri_ese_ipp_pt\/EV50CNiN-yVBvb706vtqsu0BQJpqoCa3J_nwq0fVWB9qnA\">Resultados definitivos do concurso para a realiza\u00e7\u00e3o de Mobilidade de Estudos (SMS) no \u00e2mbito do Programa Erasmus+, no ano acad\u00e9mico 2024-2025<\/a><\/li>\n\n\n\n<li><a href=\"https:\/\/ipppt-my.sharepoint.com\/:b:\/g\/personal\/gri_ese_ipp_pt\/EXAS68S_FmVJjvi3iTcRAlYBZsRmKQ_i9rf04UcOQklseQ\">Resultados definitivos do concurso para a realiza\u00e7\u00e3o de Mobilidade de Est\u00e1gios (SMT) no \u00e2mbito do Programa Erasmus+, no ano acad\u00e9mico 2024-2025<\/a><\/li>\n<\/ul>\n\n\n\n<p>Ano acad\u00e9mico 2025\/2026<\/p>\n\n\n\n<ul class=\"wp-block-list\">\n<li><a href=\"https:\/\/ipppt-my.sharepoint.com\/:b:\/g\/personal\/gri_ese_ipp_pt\/Eex4wP3EQ_5NpDp7JAu-fOEBBk_1dWaiUCjLkE2R-xdOLw?e=ThAxXY\">Resultados provis\u00f3rios do concurso para a realiza\u00e7\u00e3o de Mobilidade de Estudos (SMS) no \u00e2mbito do Programa Erasmus+, no ano acad\u00e9mico 2025-2026<\/a><\/li>\n\n\n\n<li><a href=\"https:\/\/ipppt-my.sharepoint.com\/:b:\/g\/personal\/gri_ese_ipp_pt\/EfowWyIBsyhMh1Kusfd9VPYBPYBCbWnJYdK1xPksnOTSaw?e=16beFk\">Resultados provis\u00f3rios do concurso para a realiza\u00e7\u00e3o de Mobilidade de Est\u00e1gios (SMT) no \u00e2mbito do Programa Erasmus+, no ano acad\u00e9mico 2025-2026<\/a><\/li>\n\n\n\n<li><a href=\"https:\/\/ipppt-my.sharepoint.com\/:b:\/r\/personal\/gri_ese_ipp_pt\/Documents\/Concursos%20mobilidade%20Erasmus+%20OUT%202025-2026\/Resultados_definitivos_Seria%C3%A7%C3%A3o%20SMS%202025-26_04-04-2025.pdf?csf=1&amp;web=1&amp;e=saWWtn\">Resultados definitivos do concurso para a realiza\u00e7\u00e3o de Mobilidade de Estudos (SMS) no \u00e2mbito do Programa Erasmus+, no ano acad\u00e9mico 2025-2026<\/a><\/li>\n\n\n\n<li><a href=\"https:\/\/ipppt-my.sharepoint.com\/:b:\/r\/personal\/gri_ese_ipp_pt\/Documents\/Concursos%20mobilidade%20Erasmus+%20OUT%202025-2026\/Resultados_definitivos_Seria%C3%A7%C3%A3o%20SMT%202025-26_04-04-2025.pdf?csf=1&amp;web=1&amp;e=Jw8exU\">Resultados definitivos do concurso para a realiza\u00e7\u00e3o de Mobilidade de Est\u00e1gios (SMT) no \u00e2mbito do Programa Erasmus+, no ano acad\u00e9mico 2025-2026<\/a><\/li>\n<\/ul>\n\n\n\n<p>Ano acad\u00e9mico 2026\/2027<\/p>\n\n\n\n<ul class=\"wp-block-list\">\n<li><a href=\"https:\/\/ipppt-my.sharepoint.com\/:b:\/g\/personal\/gri_ese_ipp_pt\/IQCZQDWgYdHcTYOmt81QptUsAYEdWEXPTU_4JGOENUNf6ks?e=kicitI\">Resultados provis\u00f3rios do concurso para a realiza\u00e7\u00e3o de Mobilidade de Estudos (SMS) no \u00e2mbito do Programa Erasmus+, no ano acad\u00e9mico 2026-2027<\/a><\/li>\n\n\n\n<li><a href=\"https:\/\/ipppt-my.sharepoint.com\/:b:\/r\/personal\/gri_ese_ipp_pt\/Documents\/Concursos%20mobilidade%20Erasmus+%20OUT%202026-2027\/Resultados_provisorios_Seria%C3%A7%C3%A3o%20SMT%202026-27_09-03-2026.pdf?csf=1&amp;web=1&amp;e=ux1G8T\">Resultados provis\u00f3rios do concurso para a realiza\u00e7\u00e3o de Mobilidade de Est\u00e1gios (SMT) no \u00e2mbito do Programa Erasmus+, no ano acad\u00e9mico 2026-2027<\/a><\/li>\n\n\n\n<li><a href=\"https:\/\/ipppt-my.sharepoint.com\/:b:\/r\/personal\/gri_ese_ipp_pt\/Documents\/Concursos%20mobilidade%20Erasmus+%20OUT%202026-2027\/Resultados_definitivos_Seria%C3%A7%C3%A3o%20SMS%202026-27_17-03-2026.pdf?csf=1&amp;web=1&amp;e=x52bT3\">Resultados definitivos do concurso para a realiza\u00e7\u00e3o de Mobilidade de Estudos (SMS) no \u00e2mbito do Programa Erasmus+, no ano acad\u00e9mico 2026-2027<\/a><\/li>\n\n\n\n<li><a href=\"https:\/\/ipppt-my.sharepoint.com\/:b:\/r\/personal\/gri_ese_ipp_pt\/Documents\/Concursos%20mobilidade%20Erasmus+%20OUT%202026-2027\/Resultados_definitivos_Seria%C3%A7%C3%A3o%20SMT%202026-27_17-03-2026.pdf?csf=1&amp;web=1&amp;e=FUhFXn\">Resultados definitivos do concurso para a realiza\u00e7\u00e3o de Mobilidade de Est\u00e1gios (SMT) no \u00e2mbito do Programa Erasmus+, no ano acad\u00e9mico 2026-2027<\/a><\/li>\n<\/ul>\n\n\n\n<!--more-->\n\n\n\n<h4 class=\"wp-block-heading\">Processo de mobilidade<\/h4>\n\n\n\n<h5 class=\"wp-block-heading\"><em>Antes da mobilidade<\/em><\/h5>\n\n\n\n<p>O estudante dever\u00e1 contatar o Professor Tutor, que lhe foi atribu\u00eddo, a fim de estabelecerem o plano de estudos ou plano de est\u00e1gio (\u201cLearning Agreement for Studies\u201d ou \u201cLearning Agreement for Traineeship\u201d) a realizar na institui\u00e7\u00e3o de acolhimento. O n\u00famero de cr\u00e9ditos ECTS a obter na Institui\u00e7\u00e3o de Acolhimento deve ser igual ou superior ao n\u00famero de cr\u00e9ditos ECTS previstos no plano de estudos do estudante na ESE. O n\u00famero de ECTS ao qual o aluno pretende obter reconhecimento n\u00e3o dever\u00e1 exceder 30 ou 60 ECTS, consoante o estudante realize um per\u00edodo de mobilidade de um semestre ou um ano letivo, respetivamente. A este valor poder\u00e1 acrescer, no m\u00e1ximo, 7 ou 15 ECTS (consoante o per\u00edodo de mobilidade seja de 1 ou 2 semestres), relativos a unidades curriculares \u00e0s quais o estudante j\u00e1 tenha estado inscrito na ESE.<\/p>\n\n\n\n<p>Para informa\u00e7\u00f5es mais detalhadas, o estudante dever\u00e1 ler o Artigo 12\u00ba do Regulamento&nbsp;aplic\u00e1vel a estudantes, pessoal docente e n\u00e3o docente da Escola Superior de Educa\u00e7\u00e3o do Polit\u00e9cnico do Porto abrangidos por programas de mobilidade e coopera\u00e7\u00e3o internacional.<\/p>\n\n\n\n<p>Na comunica\u00e7\u00e3o da sele\u00e7\u00e3o o candidato dever\u00e1 preencher e entregar os seguintes documentos:<\/p>\n\n\n\n<ul class=\"wp-block-list\">\n<li><a href=\"https:\/\/gri.ese.ipp.pt\/wp-content\/uploads\/2024\/05\/SC-GCRI-MOD19v08_Application_form.doc\">Application form<\/a><\/li>\n\n\n\n<li>Online Learning Agreement &#8211; Student Mobility for Studies <a href=\"https:\/\/learning-agreement.eu\/\">https:\/\/learning-agreement.eu\/<\/a> <\/li>\n\n\n\n<li><a href=\"https:\/\/gri.ese.ipp.pt\/wp-content\/uploads\/2025\/01\/SC-GCRI-MOD29v-08-Plano-Equivalencias.doc\">Plano de Equival\u00eancias<\/a><\/li>\n\n\n\n<li>demais elementos solicitados pela institui\u00e7\u00e3o de destino<\/li>\n<\/ul>\n\n\n\n<p>ou<\/p>\n\n\n\n<ul class=\"wp-block-list\">\n<li><a href=\"https:\/\/gri.ese.ipp.pt\/wp-content\/uploads\/2023\/07\/HE-Learning-agreement-Traineeship-KA131-KA171.docx\">Learning agreement &#8211; Traineeship<\/a><\/li>\n<\/ul>\n\n\n\n<h5 class=\"wp-block-heading\"><em>Durante a mobilidade<\/em><\/h5>\n\n\n\n<p>O estudante pode alterar o seu plano de estudos ou plano de est\u00e1gio, no prazo de um m\u00eas, contado do in\u00edcio do per\u00edodo de mobilidade e mediante aprova\u00e7\u00e3o de todos os intervenientes no processo (Professor Tutor, Coordenador de Curso e Coordenador do GRI). Se o estudante se vir impossibilitado de frequentar as unidades curriculares previstas&nbsp;(por motivos de incompatibilidade de hor\u00e1rios, altera\u00e7\u00e3o do funcionamento das unidades curriculares ou outras causas devidamente justificadas), pode desencadear o processo de altera\u00e7\u00e3o:<\/p>\n\n\n\n<ol class=\"wp-block-list\">\n<li>O estudante contata o seu tutor e apresenta uma proposta de altera\u00e7\u00e3o ao plano de estudos;<\/li>\n\n\n\n<li>Depois de ter o parecer positivo do Professor Tutor e de este ter obtido a aprova\u00e7\u00e3o da proposta por parte do Coordenador de Curso, o estudante envia ao GRI a sec\u00e7\u00e3o \u201cDuring the Mobility\u201d do documento \u201cLearning Agreement for Studies\u201d e uma vers\u00e3o atualizada do seu \u201cPlano de Equival\u00eancias (Anexo I)\u201d, para ser assinado pelo Coordenador de Curso e Presidente do Conselho T\u00e9cnico-Cient\u00edfico.<\/li>\n<\/ol>\n\n\n\n<p>Nesta fase, e caso exista uma proposta de altera\u00e7\u00e3o ao plano de estudos, o estudante dever\u00e1 entregar:<\/p>\n\n\n\n<ul class=\"wp-block-list\">\n<li>Online Learning Agreement &#8211; Student Mobility for Studies (Sec\u00e7\u00e3o &#8220;During the mobility) <a href=\"https:\/\/learning-agreement.eu\/\">https:\/\/learning-agreement.eu\/<\/a> + <a href=\"https:\/\/gri.ese.ipp.pt\/wp-content\/uploads\/2023\/07\/SC-GCRI-MOD29v07_Plano_Equivalencias.doc\">Plano de Equival\u00eancias<\/a>&nbsp;(Novo documento reformulado)<\/li>\n<\/ul>\n\n\n\n<p>Os estudantes poder\u00e3o solicitar, atrav\u00e9s do preenchimento de um <a href=\"https:\/\/gri.ese.ipp.pt\/wp-content\/uploads\/2023\/02\/PROL_E.doc\">formul\u00e1rio<\/a>,&nbsp;o alargamento do seu per\u00edodo de mobilidade desde que: falte mais de um m\u00eas para terminar o per\u00edodo de mobilidade inicialmente previsto;&nbsp;o per\u00edodo total de mobilidade n\u00e3o exceda a dura\u00e7\u00e3o m\u00e1xima prevista.<\/p>\n\n\n\n<p>Para mais informa\u00e7\u00f5es, dever\u00e1 ser consultado o Artigo 15\u00ba do <a href=\"https:\/\/www.ese.ipp.pt\/estudantes\/regulamentos\/DespachoESEPR0332021REGULAMENTOAPLICAVELAESTUDANTESPESSOAL....pdf\" target=\"_blank\" rel=\"noopener noreferrer\">Regulamento<\/a>.<\/p>\n\n\n\n<h5 class=\"wp-block-heading\"><em>Depois da mobilidade<\/em><\/h5>\n\n\n\n<p>Findo o interc\u00e2mbio, o estudante deve apresentar-se no GRI logo que poss\u00edvel e entregar a documenta\u00e7\u00e3o definida antes da partida, nomeadamente:<\/p>\n\n\n\n<ul class=\"wp-block-list\">\n<li>Confirma\u00e7\u00e3o da estadia<\/li>\n\n\n\n<li>Comprovativos de viagem (<em>boarding passes, <\/em>bilhetes de comboio, autocarro e outros, ou <a href=\"https:\/\/gri.ese.ipp.pt\/wp-content\/uploads\/2023\/10\/Declaracao-viatura-propria_rev.docx\">declara\u00e7\u00e3o de desloca\u00e7\u00e3o em viatura pr\u00f3pria<\/a>)<\/li>\n\n\n\n<li>Transcript of Records<\/li>\n<\/ul>\n\n\n\n<p>Tamb\u00e9m deve assegurar o bom&nbsp;preenchimento do relat\u00f3rio de mobilidade.<\/p>\n\n\n\n<p>Ainda nesta fase, e depois de obtido o &#8220;Transcript of Records&#8221;, o Professor Tutor far\u00e1 uma proposta de reconhecimento de acordo com Artigo 17\u00ba do Regulamento. Este reconhecimento ser\u00e1 oficializado atrav\u00e9s do pedido de equival\u00eancias na plataforma DOMUS,&nbsp;sendo depois lan\u00e7adas as respetivas classifica\u00e7\u00f5es. O reconhecimento&nbsp;ser\u00e1 realizado tendo&nbsp;em conta&nbsp;os documentos seguintes:<\/p>\n\n\n\n<p><a href=\"https:\/\/gri.ese.ipp.pt\/wp-content\/uploads\/2018\/07\/conversao_espanha.pdf\" target=\"_blank\" rel=\"noopener noreferrer\">Despacho n.\u00ba 28145-A\/2008<\/a><\/p>\n\n\n\n<p><a href=\"https:\/\/gri.ese.ipp.pt\/wp-content\/uploads\/2018\/07\/Nota-interna.pdf\" target=\"_blank\" rel=\"noopener noreferrer\">Nota interna ESEPP\/CTC n\u00ba 020\/2013<\/a><\/p>\n","protected":false},"excerpt":{"rendered":"<p>Natureza e objetivos A ESE&nbsp;oferece oportunidades de mobilidade financiada e n\u00e3o financiada, para estudos e est\u00e1gios. A dura\u00e7\u00e3o deste&nbsp;tipo de mobilidades \u00e9 a seguinte: A mobilidade&nbsp;de estudantes&nbsp;tem como objetivos: Processos de instru\u00e7\u00e3o da candidatura O Coordenador do GRI fixa, por&hellip;<\/p>\n","protected":false},"author":2,"featured_media":0,"parent":0,"menu_order":0,"comment_status":"closed","ping_status":"closed","template":"","meta":{"footnotes":""},"class_list":["post-170","page","type-page","status-publish","hentry"],"_links":{"self":[{"href":"https:\/\/gri.ese.ipp.pt\/index.php?rest_route=\/wp\/v2\/pages\/170","targetHints":{"allow":["GET"]}}],"collection":[{"href":"https:\/\/gri.ese.ipp.pt\/index.php?rest_route=\/wp\/v2\/pages"}],"about":[{"href":"https:\/\/gri.ese.ipp.pt\/index.php?rest_route=\/wp\/v2\/types\/page"}],"author":[{"embeddable":true,"href":"https:\/\/gri.ese.ipp.pt\/index.php?rest_route=\/wp\/v2\/users\/2"}],"replies":[{"embeddable":true,"href":"https:\/\/gri.ese.ipp.pt\/index.php?rest_route=%2Fwp%2Fv2%2Fcomments&post=170"}],"version-history":[{"count":193,"href":"https:\/\/gri.ese.ipp.pt\/index.php?rest_route=\/wp\/v2\/pages\/170\/revisions"}],"predecessor-version":[{"id":2304,"href":"https:\/\/gri.ese.ipp.pt\/index.php?rest_route=\/wp\/v2\/pages\/170\/revisions\/2304"}],"wp:attachment":[{"href":"https:\/\/gri.ese.ipp.pt\/index.php?rest_route=%2Fwp%2Fv2%2Fmedia&parent=170"}],"curies":[{"name":"wp","href":"https:\/\/api.w.org\/{rel}","templated":true}]}}