{"id":171,"date":"2018-06-04T08:08:34","date_gmt":"2018-06-04T08:08:34","guid":{"rendered":"http:\/\/gri.ese.ipp.pt\/?page_id=171"},"modified":"2026-04-29T17:31:01","modified_gmt":"2026-04-29T17:31:01","slug":"docentes","status":"publish","type":"page","link":"https:\/\/gri.ese.ipp.pt\/?page_id=171","title":{"rendered":"Docentes"},"content":{"rendered":"\n<h4 class=\"wp-block-heading\">&nbsp;<\/h4>\n\n\n\n<h4 class=\"wp-block-heading\">Natureza e objetivos das miss\u00f5es de ensino<\/h4>\n\n\n\n<p>As miss\u00f5es de ensino correspondem a per\u00edodos de doc\u00eancia em institui\u00e7\u00f5es de ensino superior parceiras Erasmus+ da ESE. O participante dever\u00e1 ministrar aulas e\/ou participar noutros eventos integrados no programa de ensino da institui\u00e7\u00e3o de acolhimento. Poder\u00e1 ainda conjugar outras atividades, nomeadamente o desenvolvimento de novos projetos de coopera\u00e7\u00e3o e\/ou atividades de investiga\u00e7\u00e3o.<\/p>\n\n\n\n<p>A dura\u00e7\u00e3o deste tipo de mobilidade \u00e9 acordada entre as duas institui\u00e7\u00f5es, mas nunca dever\u00e1 ser inferior a 2 dias e a 8 horas de leciona\u00e7\u00e3o e\/ou outras atividades.<\/p>\n\n\n\n<p>A mobilidade docente tem como objetivos:<\/p>\n\n\n\n<ul class=\"wp-block-list\">\n<li>proporcionar uma oportunidade de valoriza\u00e7\u00e3o profissional e pessoal;<\/li>\n\n\n\n<li>refor\u00e7ar os la\u00e7os entre institui\u00e7\u00f5es de pa\u00edses diferentes;<\/li>\n\n\n\n<li>promover o interc\u00e2mbio de conhecimentos e de experi\u00eancia em m\u00e9todos pedag\u00f3gicos;<\/li>\n\n\n\n<li>incentivar&nbsp;a descoberta de outras realidades culturais e aprendizagem de outras l\u00ednguas;<\/li>\n\n\n\n<li>promover a criatividade, competitividade e empregabilidade.<\/li>\n<\/ul>\n\n\n\n<h4 class=\"wp-block-heading\">Processos de instru\u00e7\u00e3o da candidatura<\/h4>\n\n\n\n<p>O Coordenador do GRI fixa, por despacho, o edital de candidatura ao programa de mobilidade Erasmus+, que cont\u00e9m todas as informa\u00e7\u00f5es necess\u00e1rias \u00e0s diferentes fases do processo:<\/p>\n\n\n\n<p><a href=\"https:\/\/gri.ese.ipp.pt\/wp-content\/uploads\/2025\/04\/Edital_GRI_Mobilidade-ensino_formacao-2025-26_homologado.pdf\">Edital 2025-2026<\/a><\/p>\n\n\n\n<p><a href=\"https:\/\/gri.ese.ipp.pt\/wp-content\/uploads\/2025\/04\/Correcao-Edital-GRI_Mobilidade-Ensino-e-Formacao_homologado.pdf\">Corre\u00e7\u00e3o do Edital 2025-2026<\/a><\/p>\n\n\n\n<p><a href=\"https:\/\/gri.ese.ipp.pt\/wp-content\/uploads\/2026\/03\/Edital_GRI_Mobilidade-STA_STT-2026-27_homologado.pdf\">Edital 2026-2027<\/a><\/p>\n\n\n\n<p>Para apresentar uma candidatura, consulte a nossa lista de parceiros Erasmus+ e preencha o formul\u00e1rio. <\/p>\n\n\n\n<center><iframe loading=\"lazy\" width=\"700\" height=\"650\" src=\"https:\/\/lookerstudio.google.com\/embed\/reporting\/1dee8753-86c2-4f76-bf30-a2f24f0e0eca\/page\/7FTnD\" frameborder=\"0\" style=\"border:0\" allowfullscreen sandbox=\"allow-storage-access-by-user-activation allow-scripts allow-same-origin allow-popups allow-popups-to-escape-sandbox\"><\/iframe><\/center>\n\n\n\n<h4 class=\"wp-block-heading\">Lista de c\u00f3digos para as \u00e1reas de estudo Erasmus+<\/h4>\n\n\n\n<p><a href=\"https:\/\/gri.ese.ipp.pt\/wp-content\/uploads\/2023\/02\/International-Standard-Classification-of-Education-Lista-de-codigos.pdf\">International Standard Classification of Education \u2013 Lista de C\u00f3digos<\/a><\/p>\n\n\n\n<hr class=\"wp-block-separator has-alpha-channel-opacity\"\/>\n\n\n\n<h4 class=\"wp-block-heading\">Formul\u00e1rios de candidatura \u2013 Mobilidade de ensino e forma\u00e7\u00e3o<\/h4>\n\n\n\n<p><a href=\"https:\/\/forms.office.com\/e\/pr1NAsJ260\">Formul\u00e1rio de candidatura &#8211; 2026-2027 &#8211; Mobilidade de miss\u00f5es de ensino<\/a><\/p>\n\n\n\n<p><a href=\"https:\/\/forms.office.com\/e\/UczbQYsdwZ\">Formul\u00e1rio de candidatura &#8211; 2026-2027 &#8211; Mobilidade de miss\u00f5es de forma\u00e7\u00e3o<\/a><\/p>\n\n\n\n<p>Nesta fase \u00e9 ainda&nbsp;recomend\u00e1vel que o docente apresente uma <em>Invitation Letter<\/em> requerida \u00e0 institui\u00e7\u00e3o de acolhimento.<\/p>\n\n\n\n<p>A sele\u00e7\u00e3o e seria\u00e7\u00e3o&nbsp;dos candidatos docentes tem por base os seguintes crit\u00e9rios:<\/p>\n\n\n\n<ul class=\"wp-block-list\">\n<li>o n\u00famero de fluxos de mobilidade do candidato,<\/li>\n\n\n\n<li>o tipo de v\u00ednculo contratual,<\/li>\n\n\n\n<li>o interesse estrat\u00e9gico da proposta de mobilidade para ambas as institui\u00e7\u00f5es de ensino,<\/li>\n\n\n\n<li>o envolvimento do docente em atividades de internacionaliza\u00e7\u00e3o (participa\u00e7\u00e3o em redes de investiga\u00e7\u00e3o, projetos de investiga\u00e7\u00e3o, na InterNetwork Week, no Conselho de Tutores e\/ou na leciona\u00e7\u00e3o a estudantes incoming Erasmus+).<\/li>\n<\/ul>\n\n\n\n<p>Os crit\u00e9rios definitivos e percentagens atribu\u00eddas a cada um dos crit\u00e9rios ser\u00e3o fixados em edital.<\/p>\n\n\n\n<h4 class=\"wp-block-heading\">Publica\u00e7\u00e3o de resultados<\/h4>\n\n\n\n<p>Findo o prazo de candidaturas, ser\u00e1 publicitada aqui a lista de candidatos seriados e selecionados:<\/p>\n\n\n\n<ul class=\"wp-block-list\">\n<li><a href=\"https:\/\/gri.ese.ipp.pt\/wp-content\/uploads\/2022\/02\/Resultados-Ensino.pdf\">Lista de candidatos seriados 2022-2023 \u2013 Resultados provis\u00f3rios<\/a><\/li>\n\n\n\n<li><a href=\"https:\/\/gri.ese.ipp.pt\/wp-content\/uploads\/2022\/02\/Resultados-Ensino_def.pdf\">Lista de candidatos seriados 2022-2023 \u2013 Resultados definitivos<\/a><\/li>\n\n\n\n<li><a href=\"https:\/\/ipppt-my.sharepoint.com\/:b:\/g\/personal\/gri_ese_ipp_pt\/EVg8J_cqO7pCuasOzdbo2-QBVV92oq8by4pAEwxuV0dz8g?e=bmuRlk\">Lista de candidatos seriados 2023-2024 &#8211; Resultados provis\u00f3rios<\/a><\/li>\n\n\n\n<li><a href=\"https:\/\/ipppt-my.sharepoint.com\/:b:\/g\/personal\/gri_ese_ipp_pt\/EVgvEgnwXYlMhLxWSR3ROdoBcPV5OOR1QT5hmE_3ix48Uw?e=GcJf8R\">Lista de candidatos seriados 2023-2024 &#8211; Resultados definitivos<\/a><\/li>\n\n\n\n<li><a href=\"https:\/\/ipppt-my.sharepoint.com\/:b:\/g\/personal\/gri_ese_ipp_pt\/Eeh00Ch_9vdIuZQ4zwJnK9UBkKReJgWn5UGpYZ-2k6livw?e=9ECQFE\">Lista de candidatos seriados 2024-2025 &#8211; Resultados provis\u00f3rios<\/a><\/li>\n\n\n\n<li><a href=\"https:\/\/ipppt-my.sharepoint.com\/:b:\/g\/personal\/gri_ese_ipp_pt\/ERn_DwpKhDZLoxGzHEEWg8EBsZzzEtKo9t9uTcSxcwcZ-Q?e=TMFTyN\">Lista de candidatos seriados 2024-2025 &#8211; Resultados definitivos<\/a><\/li>\n\n\n\n<li><a href=\"https:\/\/ipppt-my.sharepoint.com\/:b:\/g\/personal\/gri_ese_ipp_pt\/EXUN6SaSlvxFtSpH1kNBZCsBIrSNGNbKJBi7vweDfQCDBQ\">Lista de candidatos seriados 2025-2026 &#8211; Resultados provis\u00f3rios<\/a><\/li>\n\n\n\n<li><a href=\"https:\/\/ipppt-my.sharepoint.com\/:b:\/g\/personal\/gri_ese_ipp_pt\/EYBnNynvhXpHpIOPQ659fpUB3KkjKv6SJaYYNDlzNmUQhw?e=wTBM4p\">Lista de candidatos seriados 2025-2026 &#8211; Resultados definitivos<\/a><\/li>\n\n\n\n<li><a href=\"https:\/\/ipppt-my.sharepoint.com\/:b:\/r\/personal\/gri_ese_ipp_pt\/Documents\/Concursos%20mobilidade%20Erasmus+%20OUT%202026-2027\/Resultados_provisorios_Seria%C3%A7%C3%A3o%20STA%202026-27.pdf?csf=1&amp;web=1&amp;e=WpmqYX\">Lista de candidatos seriados 2026-2027 &#8211; Resultados provis\u00f3rios<\/a><\/li>\n\n\n\n<li><a href=\"https:\/\/ipppt-my.sharepoint.com\/:b:\/r\/personal\/gri_ese_ipp_pt\/Documents\/Concursos%20mobilidade%20Erasmus+%20OUT%202026-2027\/Resultados_definitivos_Seria%C3%A7%C3%A3o%20STA%202026-27.pdf?csf=1&amp;web=1&amp;e=dYyLTe\">Lista de candidatos seriados 2026-2027 &#8211; Resultados definitivos<\/a><\/li>\n<\/ul>\n\n\n\n<hr class=\"wp-block-separator has-alpha-channel-opacity\"\/>\n\n\n\n<h4 class=\"wp-block-heading\"><span style=\"color: revert; font-size: revert; font-weight: revert;\">Processo de mobilidade<\/span><\/h4>\n\n\n\n<h5 class=\"wp-block-heading\"><em>Antes da mobilidade<\/em><\/h5>\n\n\n\n<p>Na comunica\u00e7\u00e3o da sele\u00e7\u00e3o o candidato dever\u00e1 entregar os seguintes documentos:<\/p>\n\n\n\n<ul class=\"wp-block-list\">\n<li>Acordo de Mobilidade para Miss\u00f5es de Ensino (<a href=\"https:\/\/gri.ese.ipp.pt\/wp-content\/uploads\/2023\/07\/Mobility-agreement-for-teaching.docx\">Mobility Agreement &#8211; Staff Mobility for Teaching<\/a>)<\/li>\n\n\n\n<li>Proposta de miss\u00e3o (a preencher na plataforma <a href=\"https:\/\/domus.ipp.pt\/home\/default.aspx\">Domus<\/a>)<\/li>\n<\/ul>\n\n\n\n<h5 class=\"wp-block-heading\"><em>Depois da mobilidade<\/em><\/h5>\n\n\n\n<p>Findo o interc\u00e2mbio, o docente deve apresentar-se no GRI logo que poss\u00edvel e entregar a documenta\u00e7\u00e3o definida antes da partida, nomeadamente:<\/p>\n\n\n\n<ul class=\"wp-block-list\">\n<li><a href=\"https:\/\/gri.ese.ipp.pt\/wp-content\/uploads\/2019\/05\/modelo_docentes.doc\" target=\"_blank\" rel=\"noopener noreferrer\">Certificado de mobilidade<\/a><\/li>\n\n\n\n<li>Comprovativos de viagem (<em>boarding passes<\/em> e outros, ou <a href=\"https:\/\/gri.ese.ipp.pt\/wp-content\/uploads\/2023\/10\/Declaracao-viatura-propria_rev.docx\">declara\u00e7\u00e3o de desloca\u00e7\u00e3o em viatura pr\u00f3pria<\/a>)<\/li>\n<\/ul>\n\n\n\n<p>Tamb\u00e9m deve assegurar o bom&nbsp;preenchimento do relat\u00f3rio de mobilidade.<\/p>\n","protected":false},"excerpt":{"rendered":"<p>&nbsp; Natureza e objetivos das miss\u00f5es de ensino As miss\u00f5es de ensino correspondem a per\u00edodos de doc\u00eancia em institui\u00e7\u00f5es de ensino superior parceiras Erasmus+ da ESE. O participante dever\u00e1 ministrar aulas e\/ou participar noutros eventos integrados no programa de ensino&hellip;<\/p>\n","protected":false},"author":2,"featured_media":0,"parent":0,"menu_order":0,"comment_status":"closed","ping_status":"closed","template":"","meta":{"footnotes":""},"class_list":["post-171","page","type-page","status-publish","hentry"],"_links":{"self":[{"href":"https:\/\/gri.ese.ipp.pt\/index.php?rest_route=\/wp\/v2\/pages\/171","targetHints":{"allow":["GET"]}}],"collection":[{"href":"https:\/\/gri.ese.ipp.pt\/index.php?rest_route=\/wp\/v2\/pages"}],"about":[{"href":"https:\/\/gri.ese.ipp.pt\/index.php?rest_route=\/wp\/v2\/types\/page"}],"author":[{"embeddable":true,"href":"https:\/\/gri.ese.ipp.pt\/index.php?rest_route=\/wp\/v2\/users\/2"}],"replies":[{"embeddable":true,"href":"https:\/\/gri.ese.ipp.pt\/index.php?rest_route=%2Fwp%2Fv2%2Fcomments&post=171"}],"version-history":[{"count":115,"href":"https:\/\/gri.ese.ipp.pt\/index.php?rest_route=\/wp\/v2\/pages\/171\/revisions"}],"predecessor-version":[{"id":2317,"href":"https:\/\/gri.ese.ipp.pt\/index.php?rest_route=\/wp\/v2\/pages\/171\/revisions\/2317"}],"wp:attachment":[{"href":"https:\/\/gri.ese.ipp.pt\/index.php?rest_route=%2Fwp%2Fv2%2Fmedia&parent=171"}],"curies":[{"name":"wp","href":"https:\/\/api.w.org\/{rel}","templated":true}]}}