{"id":96,"date":"2018-06-01T18:40:47","date_gmt":"2018-06-01T18:40:47","guid":{"rendered":"http:\/\/gri.ese.ipp.pt\/?page_id=96"},"modified":"2026-01-13T12:50:11","modified_gmt":"2026-01-13T12:50:11","slug":"icm","status":"publish","type":"page","link":"https:\/\/gri.ese.ipp.pt\/?page_id=96","title":{"rendered":"Mobilidade Internacional Creditada"},"content":{"rendered":"\n<p>A Mobilidade Internacional Creditada \/ <em>International Credit Mobility of Individuals<\/em> faz parte da A\u00e7\u00e3o 1 \u2013 Ensino Superior do Programa Erasmus+ e tem como objetivo promover mobilidade de pessoas do ensino superior de e para pa\u00edses parceiros.<\/p>\n\n\n\n<p>Os objetivos da International Credit Mobility of Individuals s\u00e3o:<u><\/u><\/p>\n\n\n\n<ul class=\"wp-block-list\">\n<li>aumentar a atratividade do ensino superior na Europa e apoiar as institui\u00e7\u00f5es de ensino superior a competirem no mercado mundial de ensino superior;<\/li>\n\n\n\n<li>apoiar&nbsp;as prioridades identificadas nas comunica\u00e7\u00f5es \u201cIncreasing the Impact of EU Development Policy: an Agenda for Change\u201d e \u201cEuropean Higher Education in the World\u201d.<\/li>\n\n\n\n<li>apoiar&nbsp;a internacionaliza\u00e7\u00e3o, a atratividade e a moderniza\u00e7\u00e3o das institui\u00e7\u00f5es de ensino superior fora da Europa visando promover o desenvolvimento dos pa\u00edses parceiros;<\/li>\n\n\n\n<li>promover&nbsp;o desenvolvimento de objetivos e princ\u00edpios de pol\u00edtica externa incluindo&nbsp; coes\u00e3o social, equidade, balan\u00e7o geogr\u00e1fico e diversidade. Especial aten\u00e7\u00e3o ser\u00e1 dada aos pa\u00edses menos desenvolvidos bem como a estudantes com dificuldades socioecon\u00f3micas e\/ou com necessidades especiais.<\/li>\n<\/ul>\n\n\n\n<h4 class=\"wp-block-heading\">Processos de instru\u00e7\u00e3o da candidatura<\/h4>\n\n\n\n<p>O Coordenador do GRI fixa, por despacho, o edital de candidatura ao programa Mobilidade Internacional Creditada, que cont\u00e9m todas as informa\u00e7\u00f5es necess\u00e1rias \u00e0s diferentes fases do processo:<\/p>\n\n\n\n<h6 class=\"wp-block-heading\"><strong><em>Parceiros<\/em><\/strong><\/h6>\n\n\n\n<p><iframe loading=\"lazy\" src=\"https:\/\/www.google.com\/maps\/d\/embed?mid=1_0bjU3vkkyTnM9Qtjl9se5oiHGuQ-Zox\" width=\"640\" height=\"480\"><\/iframe><\/p>\n\n\n\n<h6 class=\"wp-block-heading\"><strong><em>Estudantes<\/em><\/strong><\/h6>\n\n\n\n<p><a href=\"https:\/\/gri.ese.ipp.pt\/wp-content\/uploads\/2019\/12\/Edital__GRI_estudos_ICM_signed_signed.pdf\" target=\"_blank\" rel=\"noopener noreferrer\">Edital 2020-2021<\/a><\/p>\n\n\n\n<p><a href=\"https:\/\/app.box.com\/s\/nzjb8gc5k2h62wuf31j9j7j2so63aufq\" target=\"_blank\" rel=\"noopener noreferrer\">Edital 2020-2021 (2\u00aa Fase)<\/a><\/p>\n\n\n\n<h6 class=\"wp-block-heading\"><em><strong>Docentes \/ pessoal n\u00e3o docente<\/strong><\/em><\/h6>\n\n\n\n<p><a href=\"https:\/\/gri.ese.ipp.pt\/wp-content\/uploads\/2018\/11\/Edital.pdf\" target=\"_blank\" rel=\"noopener noreferrer\">Edital 2018-2019<\/a><\/p>\n\n\n\n<p><a href=\"https:\/\/gri.ese.ipp.pt\/wp-content\/uploads\/2020\/02\/Edital__GRI_ensino_formacao_ICM_signed_signed.pdf\" target=\"_blank\" rel=\"noopener noreferrer\">Edital 2020-2021<\/a><\/p>\n\n\n\n<p><a href=\"https:\/\/gri.ese.ipp.pt\/wp-content\/uploads\/2023\/11\/Edital_GRI_ensino_ICM-2023-24_homologado.pdf\">Edital 2023-2024<\/a><\/p>\n\n\n\n<p><a href=\"https:\/\/gri.ese.ipp.pt\/wp-content\/uploads\/2024\/05\/Edital_GRI_ensino_formacao_ICM-21-05-2024_homologado.pdf\">Edital 2024-2025<\/a><\/p>\n\n\n\n<p><a href=\"https:\/\/gri.ese.ipp.pt\/wp-content\/uploads\/2025\/12\/Edital_GRI_ensino_ICM_28-11-2025_homologado.pdf\">Edital 2026-2027<\/a><\/p>\n\n\n\n<p>Para apresentar uma candidatura, preencha o formul\u00e1rio:<\/p>\n\n\n\n<h6 class=\"wp-block-heading\"><strong><em>Estudantes<\/em><\/strong><\/h6>\n\n\n\n<p><a href=\"https:\/\/forms.office.com\/Pages\/ResponsePage.aspx?id=luUd1aBFpUqg2EfRyViqMkaIWAGx-exPrvnTdlpB8BNUQ0VTTVJZNTJZRzFZNEw0QzYxOTNMU0dSOC4u\" target=\"_blank\" rel=\"noopener noreferrer\">Formul\u00e1rio de candidatura 2020-2021<\/a><\/p>\n\n\n\n<h6 class=\"wp-block-heading\"><em><strong>Docentes <\/strong><\/em><em><strong>\/ pessoal n\u00e3o docente<\/strong><\/em><\/h6>\n\n\n\n<p><a href=\"https:\/\/goo.gl\/forms\/bZUzuOPgvlw954or1\">Formul\u00e1rio de candidatura 2019-2020<\/a><\/p>\n\n\n\n<p><a href=\"https:\/\/forms.office.com\/Pages\/ResponsePage.aspx?id=luUd1aBFpUqg2EfRyViqMkaIWAGx-exPrvnTdlpB8BNURU0yTDQ1WlBWVFoxVkJUU0wxRE1ER09HMy4u\" target=\"_blank\" rel=\"noopener noreferrer\">Formul\u00e1rio de candidatura para miss\u00f5es de ensino 2020-2021<\/a><\/p>\n\n\n\n<p><a href=\"https:\/\/forms.office.com\/Pages\/ResponsePage.aspx?id=luUd1aBFpUqg2EfRyViqMkaIWAGx-exPrvnTdlpB8BNUNUVBMVBVUDhORzIxMVQ0UDAwRzkxMFo2MC4u\" target=\"_blank\" rel=\"noopener noreferrer\">Formul\u00e1rio de candidatura para miss\u00f5es de forma\u00e7\u00e3o 2020-2021<\/a><\/p>\n\n\n\n<p><a href=\"https:\/\/forms.office.com\/e\/Hzmtmu5cT5\">Formul\u00e1rio de candidatura para miss\u00f5es de ensino 2023-2024<\/a>&nbsp;<\/p>\n\n\n\n<p><a href=\"https:\/\/forms.office.com\/e\/2QUPmLAamw\">Formul\u00e1rio de candidatura para miss\u00f5es de ensino 2024-2025<\/a><\/p>\n\n\n\n<p><a href=\"https:\/\/forms.office.com\/e\/qFHdLAn8MJ\">Formul\u00e1rio de candidatura para miss\u00f5es de forma\u00e7\u00e3o 2024-2025<\/a><\/p>\n\n\n\n<p><a href=\"https:\/\/forms.office.com\/e\/zmqLAZ52fs\">Formul\u00e1rio de candidatura para miss\u00f5es de ensino 2026-2027<\/a><\/p>\n\n\n\n<h4 class=\"wp-block-heading\">&nbsp;<\/h4>\n\n\n\n<h4 class=\"wp-block-heading\">Publica\u00e7\u00e3o de resultados<\/h4>\n\n\n\n<p>Findo o prazo de candidaturas, ser\u00e1 publicitada aqui a lista de candidatos seriados e selecionados:<\/p>\n\n\n\n<p>Ano acad\u00e9mico 2019-2020<\/p>\n\n\n\n<ul class=\"wp-block-list\">\n<li><a href=\"https:\/\/gri.ese.ipp.pt\/wp-content\/uploads\/2018\/11\/ResultadosICMProvisorios.pdf\">Resultados provis\u00f3rios do Concurso para a realiza\u00e7\u00e3o de Mobilidade de Docentes para Miss\u00f5es de Ensino (STA) no \u00e2mbito do Programa \u201cMobilidade Internacional Creditada\u201d<\/a><\/li>\n\n\n\n<li><a href=\"https:\/\/gri.ese.ipp.pt\/wp-content\/uploads\/2018\/11\/Resultados-definitivos.pdf\">Resultados definitivos do Concurso para a realiza\u00e7\u00e3o de Mobilidade de Docentes para Miss\u00f5es de Ensino (STA) no \u00e2mbito do Programa \u201cMobilidade Internacional Creditada\u201d<\/a><\/li>\n<\/ul>\n\n\n\n<p>Ano acad\u00e9mico 2020-2021<\/p>\n\n\n\n<h6 class=\"wp-block-heading\"><strong><em>Estudantes<\/em><\/strong><\/h6>\n\n\n\n<div class=\"page\" title=\"Page 1\">\n<div class=\"section\">\n<div class=\"layoutArea\">\n<div class=\"column\">\n<ul>\n<li><a href=\"https:\/\/gri.ese.ipp.pt\/wp-content\/uploads\/2020\/02\/ResultadosICMEstudos2020prov.pdf\" target=\"_blank\" rel=\"noopener noreferrer\">Resultados provis\u00f3rios do Concurso para a realiza\u00e7\u00e3o de Mobilidade de Miss\u00f5es de Estudos (SMS) no \u00e2mbito do Programa Mobilidade Internacional Creditada, no ano acad\u00e9mico 2020-2021<\/a><\/li>\n<li><a href=\"https:\/\/gri.ese.ipp.pt\/wp-content\/uploads\/2020\/03\/ResultadosICMEstudos2020finais.pdf\">Resultados finais do Concurso para a realiza\u00e7\u00e3o de Mobilidade de Miss\u00f5es de Estudos (SMS) no \u00e2mbito do Programa Mobilidade Internacional Creditada, no ano acad\u00e9mico 2020-2021<\/a><\/li>\n<\/ul>\n<\/div>\n<\/div>\n<\/div>\n<\/div>\n\n\n\n<h6 class=\"wp-block-heading\"><em><strong>Docentes<\/strong><\/em><\/h6>\n\n\n\n<ul class=\"wp-block-list\">\n<li><a href=\"https:\/\/gri.ese.ipp.pt\/wp-content\/uploads\/2020\/02\/ResultadosICMEnsino_prov-1.pdf\">Resultados provis\u00f3rios do Concurso para a realiza\u00e7\u00e3o de Mobilidade de Miss\u00f5es de Ensino (STA) no \u00e2mbito do Programa Mobilidade Internacional Creditada, nos anos acad\u00e9micos 2019-2020 (2\u00ba Semestre) e 2020-2021 (1\u00ba Semestre ou 2\u00ba Semestre)<\/a><\/li>\n\n\n\n<li><a href=\"https:\/\/gri.ese.ipp.pt\/wp-content\/uploads\/2020\/02\/ResultadosICMFormacao_prov.pdf\" target=\"_blank\" rel=\"noopener noreferrer\">Resultados provis\u00f3rios do Concurso para a realiza\u00e7\u00e3o de Mobilidade de Miss\u00f5es de Forma\u00e7\u00e3o (STT) no \u00e2mbito do Programa Mobilidade Internacional Creditada, nos anos acad\u00e9micos 2019-2020 (2\u00ba Semestre) e 2020-2021 (1\u00ba Semestre ou 2\u00ba Semestre)<\/a><\/li>\n\n\n\n<li><a href=\"https:\/\/gri.ese.ipp.pt\/wp-content\/uploads\/2020\/03\/EnsinoICMfinais.pdf\">Resultados finais do Concurso para a realiza\u00e7\u00e3o de Mobilidade de Miss\u00f5es de Ensino (STA) no \u00e2mbito do Programa Mobilidade Internacional Creditada, nos anos acad\u00e9micos 2019-2020 (2\u00ba Semestre) e 2020-2021 (1\u00ba Semestre ou 2\u00ba Semestre)<\/a><\/li>\n\n\n\n<li><a href=\"https:\/\/gri.ese.ipp.pt\/wp-content\/uploads\/2020\/03\/FormacaoICMfinais.pdf\">Resultados finais do Concurso para a realiza\u00e7\u00e3o de Mobilidade de Miss\u00f5es de Forma\u00e7\u00e3o (STT) no \u00e2mbito do Programa Mobilidade Internacional Creditada, nos anos acad\u00e9micos 2019-2020 (2\u00ba Semestre) e 2020-2021 (1\u00ba Semestre ou 2\u00ba Semestre)<\/a><\/li>\n<\/ul>\n\n\n\n<p>Ano acad\u00e9mico 2020-2021 (2\u00aa Fase)<\/p>\n\n\n\n<h6 class=\"wp-block-heading\"><strong><em>Estudantes<\/em><\/strong><\/h6>\n\n\n\n<ul class=\"wp-block-list\">\n<li><a href=\"https:\/\/app.box.com\/s\/3qv56egh75hor5sy3jik8it7ip0i3cro\" target=\"_blank\" rel=\"noopener noreferrer\">Resultados provis\u00f3rios do Concurso para a realiza\u00e7\u00e3o de Mobilidade de Miss\u00f5es de Estudos (SMS) no \u00e2mbito do Programa Mobilidade Internacional Creditada, no ano acad\u00e9mico 2020-2021<\/a><\/li>\n\n\n\n<li><a href=\"https:\/\/app.box.com\/s\/qj16uali8ogej1uv2ehxnrghl25jpkn1\" target=\"_blank\" rel=\"noopener noreferrer\">Resultados finais do Concurso para a realiza\u00e7\u00e3o de Mobilidade de Miss\u00f5es de Estudos (SMS) no \u00e2mbito do Programa Mobilidade Internacional Creditada, no ano acad\u00e9mico 2020-2021<\/a><\/li>\n<\/ul>\n\n\n\n<p>Ano acad\u00e9mico 2023-2024<\/p>\n\n\n\n<h6 class=\"wp-block-heading\"><em><strong>Docentes<\/strong><\/em><\/h6>\n\n\n\n<ul class=\"wp-block-list\">\n<li><a href=\"https:\/\/ipppt-my.sharepoint.com\/:b:\/g\/personal\/gri_ese_ipp_pt\/ERNGiEXRRg5Etn4EuUOZsHYBRHm-ZQ4M4Z9YiIT1LIdCxw?e=cwzoU6\">Resultados provis\u00f3rios do Concurso para a realiza\u00e7\u00e3o de Mobilidade de Miss\u00f5es de Ensino (STA) no \u00e2mbito do Programa Mobilidade Internacional Creditada, no ano acad\u00e9mico 2023-2024<\/a>  <\/li>\n\n\n\n<li><a href=\"https:\/\/ipppt-my.sharepoint.com\/:b:\/g\/personal\/gri_ese_ipp_pt\/EWjGxgtA6DZGoBiSEW5TeYMBz1KLXsfPPLJ1HNsRdMAwdw?e=k4G9vS\">Resultados finais do Concurso para a realiza\u00e7\u00e3o de Mobilidade de Miss\u00f5es de Ensino (STA) no \u00e2mbito do Programa Mobilidade Internacional Creditada, no ano acad\u00e9mico 2023-2024<\/a>  <\/li>\n<\/ul>\n\n\n\n<p>Ano acad\u00e9mico 2024-2025<\/p>\n\n\n\n<h6 class=\"wp-block-heading\"><em><strong>Docentes \/ pessoal n\u00e3o docente<\/strong><\/em><\/h6>\n\n\n\n<ul class=\"wp-block-list\">\n<li><a href=\"https:\/\/ipppt-my.sharepoint.com\/:b:\/g\/personal\/gri_ese_ipp_pt\/EW1esXuDTxBDqHGsr2fFMpwBLYBUrNTFacX7NSskFRI0nQ?e=A4KEr7\">Resultados provis\u00f3rios do Concurso para a realiza\u00e7\u00e3o de Mobilidade de Miss\u00f5es de Ensino (STA) no \u00e2mbito do Programa Mobilidade Internacional Creditada, no ano acad\u00e9mico 2024-2025<\/a><\/li>\n\n\n\n<li><a href=\"https:\/\/ipppt-my.sharepoint.com\/:b:\/g\/personal\/gri_ese_ipp_pt\/EVg8NS9OJURDlht-79XKYyUBaPOo6a2r4UO3oxFG8ak-6A?e=OVeqiI\">Resultados provis\u00f3rios do Concurso para a realiza\u00e7\u00e3o de Mobilidade de Miss\u00f5es de Forma\u00e7\u00e3o (STT) no \u00e2mbito do Programa Mobilidade Internacional Creditada, no ano acad\u00e9mico 2024-2025<\/a><\/li>\n\n\n\n<li><a href=\"https:\/\/ipppt-my.sharepoint.com\/:b:\/g\/personal\/gri_ese_ipp_pt\/Ee8zP57T9oNOqJC_vjJEoVoBG0mj9Txn52NvKs81LWqaVw?e=iGhX2o\">Resultados definitivos do Concurso para a realiza\u00e7\u00e3o de Mobilidade de Miss\u00f5es de Ensino (STA) no \u00e2mbito do Programa Mobilidade Internacional Creditada, no ano acad\u00e9mico 2024-2025<\/a><\/li>\n\n\n\n<li><a href=\"https:\/\/ipppt-my.sharepoint.com\/:b:\/g\/personal\/gri_ese_ipp_pt\/EaSI0q546SVAqP6XFAXS6BMBRBkaZfr6ZahzO8be_N4n8Q?e=PzgWzZ\">Resultados definitivos do Concurso para a realiza\u00e7\u00e3o de Mobilidade de Miss\u00f5es de Forma\u00e7\u00e3o (STT) no \u00e2mbito do Programa Mobilidade Internacional Creditada, no ano acad\u00e9mico 2024-2025<\/a><\/li>\n<\/ul>\n\n\n\n<p>Ano acad\u00e9mico 2026-2027<\/p>\n\n\n\n<h6 class=\"wp-block-heading\"><em><strong>Docentes<\/strong><\/em><\/h6>\n\n\n\n<ul class=\"wp-block-list\">\n<li><a href=\"https:\/\/ipppt-my.sharepoint.com\/:b:\/g\/personal\/gri_ese_ipp_pt\/IQDMjp7fPxWvR7CBczHnj4WXAW5OSguP7oxU_TUyog0quUs?e=xcMVMF\">Resultados provis\u00f3rios do Concurso para a realiza\u00e7\u00e3o de Mobilidade de Miss\u00f5es de Ensino (STA) no \u00e2mbito do Programa Mobilidade Internacional Creditada, no ano acad\u00e9mico 2026-2027<\/a><\/li>\n\n\n\n<li><a href=\"https:\/\/ipppt-my.sharepoint.com\/:b:\/r\/personal\/gri_ese_ipp_pt\/Documents\/Concurso%20mobilidade%20Erasmus+%20ICM%20OUT%202026-2027\/Resultados_definitivos_Seria%C3%A7%C3%A3o%20ICM%20STA%202026-27.pdf?csf=1&amp;web=1&amp;e=Ntxysd\">Resultados definitivos do Concurso para a realiza\u00e7\u00e3o de Mobilidade de Miss\u00f5es de Ensino (STA) no \u00e2mbito do Programa Mobilidade Internacional Creditada, no ano acad\u00e9mico 2026-2027<\/a><\/li>\n<\/ul>\n\n\n\n<p><\/p>\n","protected":false},"excerpt":{"rendered":"<p>A Mobilidade Internacional Creditada \/ International Credit Mobility of Individuals faz parte da A\u00e7\u00e3o 1 \u2013 Ensino Superior do Programa Erasmus+ e tem como objetivo promover mobilidade de pessoas do ensino superior de e para pa\u00edses parceiros. Os objetivos da&hellip;<\/p>\n","protected":false},"author":2,"featured_media":0,"parent":0,"menu_order":0,"comment_status":"closed","ping_status":"closed","template":"","meta":{"footnotes":""},"class_list":["post-96","page","type-page","status-publish","hentry"],"_links":{"self":[{"href":"https:\/\/gri.ese.ipp.pt\/index.php?rest_route=\/wp\/v2\/pages\/96","targetHints":{"allow":["GET"]}}],"collection":[{"href":"https:\/\/gri.ese.ipp.pt\/index.php?rest_route=\/wp\/v2\/pages"}],"about":[{"href":"https:\/\/gri.ese.ipp.pt\/index.php?rest_route=\/wp\/v2\/types\/page"}],"author":[{"embeddable":true,"href":"https:\/\/gri.ese.ipp.pt\/index.php?rest_route=\/wp\/v2\/users\/2"}],"replies":[{"embeddable":true,"href":"https:\/\/gri.ese.ipp.pt\/index.php?rest_route=%2Fwp%2Fv2%2Fcomments&post=96"}],"version-history":[{"count":36,"href":"https:\/\/gri.ese.ipp.pt\/index.php?rest_route=\/wp\/v2\/pages\/96\/revisions"}],"predecessor-version":[{"id":2267,"href":"https:\/\/gri.ese.ipp.pt\/index.php?rest_route=\/wp\/v2\/pages\/96\/revisions\/2267"}],"wp:attachment":[{"href":"https:\/\/gri.ese.ipp.pt\/index.php?rest_route=%2Fwp%2Fv2%2Fmedia&parent=96"}],"curies":[{"name":"wp","href":"https:\/\/api.w.org\/{rel}","templated":true}]}}